{"id":890,"date":"2024-07-28T12:28:58","date_gmt":"2024-07-28T10:28:58","guid":{"rendered":"https:\/\/alfard.ovh\/?page_id=890"},"modified":"2025-04-29T22:29:49","modified_gmt":"2025-04-29T20:29:49","slug":"dawki-uv","status":"publish","type":"page","link":"https:\/\/alfard.ovh\/index.php\/dawki-uv\/","title":{"rendered":"Dawki UV"},"content":{"rendered":"\n<div class=\"wp-block-group alignfull has-gradient-5-gradient-background has-background has-global-padding is-layout-constrained wp-container-core-group-is-layout-669513ed wp-block-group-is-layout-constrained\" style=\"margin-top:0;margin-bottom:0;padding-top:var(--wp--preset--spacing--50);padding-right:var(--wp--preset--spacing--50);padding-bottom:var(--wp--preset--spacing--50);padding-left:var(--wp--preset--spacing--50)\">\n<div class=\"wp-block-columns alignwide is-layout-flex wp-container-core-columns-is-layout-1da03c2a wp-block-columns-is-layout-flex\">\n<div class=\"wp-block-column is-vertically-aligned-stretch is-layout-flow wp-block-column-is-layout-flow\" style=\"flex-basis:50%\">\n<div class=\"wp-block-group is-vertical is-content-justification-stretch is-layout-flex wp-container-core-group-is-layout-444d5ee8 wp-block-group-is-layout-flex\" style=\"min-height:100%\">\n<p class=\"has-heading-font-family has-large-font-size\" style=\"line-height:1.2\">Warto\u015bci mocy promieniowania UV mierzymy w jednostkach zdefiniowanych jako index UV [UVi].<\/p>\n\n\n\n<p class=\"has-heading-font-family has-large-font-size\" style=\"line-height:1.2\">Pomiarowe warto\u015bci mocy UV zosta\u0142y znormalizowane do indeksu UVI jaki podaj\u0105 r\u00f3\u017cne stacje pomiarowe: <a href=\"https:\/\/alfard.ovh\/index.php\/testy-linkow\/#BazaWykresow\">Stacje i wykresy<\/a><\/p>\n\n\n\n<p class=\"has-heading-font-family has-large-font-size\" style=\"line-height:1.2\">W celu okre\u015blenia maksymalnego bezpiecznego czasu przebywania na s\u0142o\u0144cu musimy zna\u0107 graniczn\u0105 bezpieczn\u0105 dawk\u0119 maksymaln\u0105, kt\u00f3r\u0105 zestawiono w <a href=\"#TabelaUVmax\">tabeli<\/a>. Otrzyman\u0105 dawk\u0119, kt\u00f3ra jest zale\u017cna od mocy UV i czasu obliczamy wzorem:<\/p>\n\n\n\n<figure class=\"wp-block-image size-full\"><img loading=\"lazy\" decoding=\"async\" width=\"413\" height=\"195\" src=\"https:\/\/alfard.ovh\/wp-content\/uploads\/2025\/04\/calkaUV.jpg\" alt=\"\" class=\"wp-image-1186\" srcset=\"https:\/\/alfard.ovh\/wp-content\/uploads\/2025\/04\/calkaUV.jpg 413w, https:\/\/alfard.ovh\/wp-content\/uploads\/2025\/04\/calkaUV-300x142.jpg 300w\" sizes=\"auto, (max-width: 413px) 100vw, 413px\" \/><\/figure>\n\n\n\n<p class=\"has-heading-font-family has-large-font-size\" style=\"line-height:1.2\">gdzie:<\/p>\n\n\n\n<ul class=\"wp-block-list\">\n<li>t1 to czas startowy dzia\u0142ania UV np.: godz 11:30<\/li>\n\n\n\n<li>t2 to czas ko\u0144cowy dzia\u0142ania UV np.: godz 12:00<\/li>\n\n\n\n<li>UV(t) warto\u015b\u0107 mocy dawki UV w chwili t \u03f5 (t1,t2) <\/li>\n<\/ul>\n\n\n\n<p class=\"has-medium-font-size\">Dawka to moc UV [UVi] \u2a2f czas [min] um\u00f3wmy si\u0119, \u017ce jednostk\u0105 b\u0119dzie indekso-minuta <mark style=\"background-color:#909090\" class=\"has-inline-color has-contrast-color\">[<strong>im<\/strong>]<\/mark><\/p>\n\n\n\n<p>Praktyka cyfrowych algorytm\u00f3w sprowadza ten wz\u00f3r do postaci:<\/p>\n\n\n\n<figure class=\"wp-block-image size-full\"><img loading=\"lazy\" decoding=\"async\" width=\"514\" height=\"380\" src=\"https:\/\/alfard.ovh\/wp-content\/uploads\/2025\/04\/obraz-1.png\" alt=\"\" class=\"wp-image-1189\" srcset=\"https:\/\/alfard.ovh\/wp-content\/uploads\/2025\/04\/obraz-1.png 514w, https:\/\/alfard.ovh\/wp-content\/uploads\/2025\/04\/obraz-1-300x222.png 300w\" sizes=\"auto, (max-width: 514px) 100vw, 514px\" \/><\/figure>\n\n\n\n<h2 class=\"wp-block-heading\">Prognozowanie bezpiecznego czasu<\/h2>\n\n\n\n<figure class=\"wp-block-image size-full is-resized\"><img loading=\"lazy\" decoding=\"async\" width=\"318\" height=\"152\" src=\"https:\/\/alfard.ovh\/wp-content\/uploads\/2025\/04\/obraz-11.png\" alt=\"\" class=\"wp-image-1282\" style=\"width:354px;height:auto\" srcset=\"https:\/\/alfard.ovh\/wp-content\/uploads\/2025\/04\/obraz-11.png 318w, https:\/\/alfard.ovh\/wp-content\/uploads\/2025\/04\/obraz-11-300x143.png 300w\" sizes=\"auto, (max-width: 318px) 100vw, 318px\" \/><\/figure>\n\n\n\n<p>gdzie:<\/p>\n\n\n\n<ul class=\"wp-block-list\">\n<li>czas &#8211; czas w minutach potrzebny do osi\u0105gni\u0119cia dawki <mark style=\"background-color:#6D533C\" class=\"has-inline-color has-contrast-3-color\">Dawka<\/mark><\/li>\n\n\n\n<li>Dawka &#8211; maksymalna dawka graniczna wed\u0142ug <a href=\"#TabelaUVmax\">tabeli<\/a><\/li>\n\n\n\n<li>moc &#8211; \u015brednia warto\u015b\u0107 UVi w okresie przebywania na s\u0142o\u0144cu<\/li>\n<\/ul>\n\n\n\n<p><\/p>\n\n\n\n<p>Mo\u017cliwe jest obliczenie czasu na podstawie \u015bredniej mocy UVi w wybranych godzinach:<\/p>\n\n\n\n<p>Zmienno\u015b\u0107 mocy UVi w czasie powoduje, \u017ce bezpieczniej jest bada\u0107 jak\u0105 dawk\u0119 ju\u017c otrzymali\u015bmy od czasu <mark style=\"background-color:#6D533C\" class=\"has-inline-color has-contrast-3-color\">t1<\/mark> sumuj\u0105c j\u0105 co okres <mark style=\"background-color:#6D533C\" class=\"has-inline-color has-contrast-2-color\">tim<\/mark><\/p>\n\n\n\n<p>W celu obliczanie sumarycznej dawki otrzymanej od chwili <mark style=\"background-color:#6D533C\" class=\"has-inline-color has-contrast-2-color\">t1<\/mark> i bazuj\u0105c na danych pomiarowych, kt\u00f3re uzyska\u0142em z w\u0142asnych pomiar\u00f3w zapisanych w bazie o nazwie Fiolet u\u017cyj\u0119 zapytania SQL:<\/p>\n\n\n\n<p class=\"has-small-font-size\">SELECT FROM_UNIXTIME(floor(UNIX_TIMESTAMP(DCzas)\/tim)*tim,&#8217;%H:%i&#8217;), avg(UVa) * (tim\/60)<br>FROM <code>Fiolet<\/code> WHERE UVa&lt;>-888 and DCzas>&#8217;2025-06-01&#8242; group by 1<\/p>\n\n\n\n<p>To zapytanie analizuje ka\u017cdy dzie\u0144 od 1 czerwca 2025 roku a\u017c do aktualnej daty. Grupuje pomiary godzinowo w okresach 10 minutowych ka\u017cdego dnia. \u015arednia moc w ka\u017cdej minucie zawiera dane z ka\u017cdego dnia wykonane w tej samej godzinie. Wykres jest &#8222;na\u0142o\u017ceniem&#8221; wykres\u00f3w z ka\u017cdego dnia od 1 VI.<\/p>\n\n\n\n<p><\/p>\n\n\n\n<figure class=\"wp-block-image size-full\"><img loading=\"lazy\" decoding=\"async\" width=\"664\" height=\"214\" src=\"https:\/\/alfard.ovh\/wp-content\/uploads\/2024\/07\/CzerwiecLipiec.png\" alt=\"\" class=\"wp-image-907\" srcset=\"https:\/\/alfard.ovh\/wp-content\/uploads\/2024\/07\/CzerwiecLipiec.png 664w, https:\/\/alfard.ovh\/wp-content\/uploads\/2024\/07\/CzerwiecLipiec-300x97.png 300w\" sizes=\"auto, (max-width: 664px) 100vw, 664px\" \/><\/figure>\n\n\n\n<p><\/p>\n<\/div>\n<\/div>\n\n\n\n<div class=\"wp-block-column is-vertically-aligned-center is-layout-flow wp-block-column-is-layout-flow\" style=\"flex-basis:50%\">\n<h2 class=\"wp-block-heading\" id=\"sumator\">Sumator ultrafioletu<\/h2>\n\n\n\n<p>Pomiary Indeksu UV (mocy UV) wykonywane co 5 minut zosta\u0142y u\u015brednione w okresach godzinnych. To w celu u\u0142atwienia analizy i czytelno\u015bci wykresu. Startowa godzina zosta\u0142a ustalona na 11:00 a pomiary s\u0105 z 26 VII 2024<\/p>\n\n\n\n<figure class=\"wp-block-image size-full is-resized\"><img loading=\"lazy\" decoding=\"async\" width=\"534\" height=\"395\" src=\"https:\/\/alfard.ovh\/wp-content\/uploads\/2025\/04\/obraz-2.png\" alt=\"\" class=\"wp-image-1192\" style=\"width:584px;height:auto\" srcset=\"https:\/\/alfard.ovh\/wp-content\/uploads\/2025\/04\/obraz-2.png 534w, https:\/\/alfard.ovh\/wp-content\/uploads\/2025\/04\/obraz-2-300x222.png 300w\" sizes=\"auto, (max-width: 534px) 100vw, 534px\" \/><\/figure>\n\n\n\n<p class=\"has-text-align-center\">Rys.B<\/p>\n\n\n\n<p>W celu kontrolowania dawki, tak\u0105 funkcj\u0119 jak na Rys.B powy\u017cej, mo\u017cna &#8222;ca\u0142kowa\u0107&#8221; sumuj\u0105c &#8222;s\u0142upki&#8221;. Trzeba za\u0142o\u017cy\u0107 godzin\u0119 startow\u0105 i zlicza\u0107 do aktualnej godziny. Szkic zapytania SQL:<\/p>\n\n\n\n<p class=\"has-small-font-size\">SELECT avg(UVa)*5 FROM <code>Fiolet<\/code> WHERE UVa&lt;&gt;-888 and DCzas&gt;&#8217;2024-07-26 11:00&#8242;<\/p>\n\n\n\n<p>Wykonuj\u0105c to zapytanie co kilka minut od godziny startowej mo\u017cemy precyzyjnie okre\u015bli\u0107 moment kiedy osi\u0105gniemy <a href=\"#TabelaUVmax\">tajemnicze 300<\/a> im ( indekso-minut )<\/p>\n\n\n\n<p>Dla okolic Wo\u017aniki &#8211; Tarnowskie G\u00f3ry &#8211; Strzybnica gdzie znajduj\u0105 si\u0119 stacje pomiaru UV jest mo\u017cliwo\u015b\u0107 kontroli dawki UV pod adresem: <a href=\"https:\/\/t1ak.ovh\/\" target=\"_blank\" rel=\"noreferrer noopener\">t1ak.ovh<\/a> . Po uruchomieniu program przyjmuje aktualn\u0105 godzin\u0119 startow\u0105 i zaczyna sprawdza\u0107 co 15 sekund moc UVmax sumuj\u0105c j\u0105 w przedzia\u0142ach 10 minutowych. \u0179r\u00f3d\u0142a programu s\u0105 do pobrania tu:<\/p>\n\n\n\n<div class=\"wp-block-file\"><a id=\"wp-block-file--media-7179638c-f117-4ba9-9859-adbb1119f62d\" href=\"https:\/\/alfard.ovh\/wp-content\/uploads\/2024\/08\/DawkiUV.pdf\">DawkiUV<\/a><a href=\"https:\/\/alfard.ovh\/wp-content\/uploads\/2024\/08\/DawkiUV.pdf\" class=\"wp-block-file__button wp-element-button\" download aria-describedby=\"wp-block-file--media-7179638c-f117-4ba9-9859-adbb1119f62d\">Pobierz<\/a><\/div>\n\n\n\n<p>Testuj\u0105c dzia\u0142anie sumatora mo\u017cna link do uruchamiania programu uzupe\u0142ni\u0107 o dat\u0119 startow\u0105 wpisuj\u0105c w przegl\u0105darce np:<\/p>\n\n\n\n<p>t1ak.ovh\/DawkiUV.php?Dstart=2025-03-08<\/p>\n<\/div>\n<\/div>\n\n\n\n<p>Godzin\u0119 startow\u0105 mo\u017cna ustali\u0107 dowolnie w polu :  <strong>set start time<\/strong>, po czym naciskamy : <strong>Ok startuj<\/strong>. Czyli nie ma potrzeby uruchamiania tego sumatora dok\u0142adnie w czasie, kiedy idziemy si\u0119 opala\u0107. Jak przebywamy na s\u0142o\u0144cu ju\u017c jaki\u015b czas to mo\u017cemy skontrolowa\u0107 otrzyman\u0105 dawk\u0119 ustawiaj\u0105c wsteczn\u0105 faktyczn\u0105 godzin\u0119 kiedy zdj\u0119li\u015bmy koszulki.<\/p>\n\n\n\n<figure class=\"wp-block-image size-full\"><img loading=\"lazy\" decoding=\"async\" width=\"554\" height=\"314\" src=\"http:\/\/alfard.ovh\/wp-content\/uploads\/2025\/03\/DavkiUV.jpg\" alt=\"\" class=\"wp-image-1002\" srcset=\"https:\/\/alfard.ovh\/wp-content\/uploads\/2025\/03\/DavkiUV.jpg 554w, https:\/\/alfard.ovh\/wp-content\/uploads\/2025\/03\/DavkiUV-300x170.jpg 300w\" sizes=\"auto, (max-width: 554px) 100vw, 554px\" \/><\/figure>\n\n\n\n<h2 class=\"wp-block-heading\">Kalibracja<\/h2>\n\n\n\n<p>Pomiary Indeksu UV (mocy UV) wykonywane co 12 sek zosta\u0142y u\u015brednione w okresach p\u00f3\u0142godzinnych. Efekt przekroczy\u0142 moje oczekiwania chodzi o &#8222;g\u0142adko\u015b\u0107&#8221; wykresu<\/p>\n\n\n\n<figure data-wp-context=\"{&quot;imageId&quot;:&quot;69f1ee6ea2a35&quot;}\" data-wp-interactive=\"core\/image\" data-wp-key=\"69f1ee6ea2a35\" class=\"wp-block-image size-full wp-lightbox-container\"><img loading=\"lazy\" decoding=\"async\" width=\"1279\" height=\"299\" data-wp-class--hide=\"state.isContentHidden\" data-wp-class--show=\"state.isContentVisible\" data-wp-init=\"callbacks.setButtonStyles\" data-wp-on--click=\"actions.showLightbox\" data-wp-on--load=\"callbacks.setButtonStyles\" data-wp-on-window--resize=\"callbacks.setButtonStyles\" src=\"https:\/\/alfard.ovh\/wp-content\/uploads\/2024\/07\/CzerwiecLipiec30.png\" alt=\"\" class=\"wp-image-911\" style=\"object-fit:cover\" srcset=\"https:\/\/alfard.ovh\/wp-content\/uploads\/2024\/07\/CzerwiecLipiec30.png 1279w, https:\/\/alfard.ovh\/wp-content\/uploads\/2024\/07\/CzerwiecLipiec30-300x70.png 300w, https:\/\/alfard.ovh\/wp-content\/uploads\/2024\/07\/CzerwiecLipiec30-1024x239.png 1024w, https:\/\/alfard.ovh\/wp-content\/uploads\/2024\/07\/CzerwiecLipiec30-768x180.png 768w\" sizes=\"auto, (max-width: 1279px) 100vw, 1279px\" \/><button\n\t\t\tclass=\"lightbox-trigger\"\n\t\t\ttype=\"button\"\n\t\t\taria-haspopup=\"dialog\"\n\t\t\taria-label=\"Powi\u0119ksz\"\n\t\t\tdata-wp-init=\"callbacks.initTriggerButton\"\n\t\t\tdata-wp-on--click=\"actions.showLightbox\"\n\t\t\tdata-wp-style--right=\"state.imageButtonRight\"\n\t\t\tdata-wp-style--top=\"state.imageButtonTop\"\n\t\t>\n\t\t\t<svg xmlns=\"http:\/\/www.w3.org\/2000\/svg\" width=\"12\" height=\"12\" fill=\"none\" viewBox=\"0 0 12 12\">\n\t\t\t\t<path fill=\"#fff\" d=\"M2 0a2 2 0 0 0-2 2v2h1.5V2a.5.5 0 0 1 .5-.5h2V0H2Zm2 10.5H2a.5.5 0 0 1-.5-.5V8H0v2a2 2 0 0 0 2 2h2v-1.5ZM8 12v-1.5h2a.5.5 0 0 0 .5-.5V8H12v2a2 2 0 0 1-2 2H8Zm2-12a2 2 0 0 1 2 2v2h-1.5V2a.5.5 0 0 0-.5-.5H8V0h2Z\" \/>\n\t\t\t<\/svg>\n\t\t<\/button><\/figure>\n\n\n\n<p>Zgrupowanie dwumiesi\u0119czne daje mo\u017cliwo\u015b\u0107 kalibrowania czujnika bo nie ma w\u0105tpliwo\u015bci jaka jest warto\u015b\u0107 maksymalna.<\/p>\n\n\n\n<p>Jak wida\u0107 fluktuacje pomiar\u00f3w UV da si\u0119 wyg\u0142adzi\u0107 u\u015bredniaj\u0105c:<\/p>\n\n\n\n<ul class=\"wp-block-list\">\n<li>z jednej stacji w tych samych godzinach np przez tydzie\u0144<\/li>\n\n\n\n<li>z wielu stacji na bie\u017c\u0105co<\/li>\n<\/ul>\n\n\n\n<p>zaczn\u0119 od dw\u00f3ch swoich i zapraszam do wsp\u00f3\u0142pracy.<\/p>\n<\/div>\n\n\n\n<h2 class=\"wp-block-heading\">Auto kalibracja<\/h2>\n\n\n\n<p>Jest pomys\u0142 jak unikn\u0105\u0107 czasoch\u0142onnego i wnikliwego \u015bledzenia pomiar\u00f3w stacji &#8222;wzorcowych&#8221; w celu ustalenia w\u0142a\u015bciwego wsp\u00f3\u0142czynnika kalibracyjnego. Jak to zrobi\u0107 ? informacji udzielam na maila \ud83d\ude42<\/p>\n\n\n\n<div class=\"wp-block-group alignfull has-base-color has-contrast-background-color has-text-color has-background has-link-color wp-elements-f2debce60fe4c1d68bda9d654864ab4b has-global-padding is-layout-constrained wp-container-core-group-is-layout-d89aad35 wp-block-group-is-layout-constrained\" style=\"margin-top:0;margin-bottom:0;padding-top:var(--wp--preset--spacing--50);padding-right:var(--wp--preset--spacing--50);padding-bottom:var(--wp--preset--spacing--50);padding-left:var(--wp--preset--spacing--50)\">\n<h2 class=\"wp-block-heading alignwide has-base-color has-text-color has-link-color has-large-font-size wp-elements-b163ec98e82c659edb4ebdf1d5bc96a6\" style=\"letter-spacing:-0.02em\">Dopuszczalne maksymalne czasy przebywania na s\u0142o\u0144cu zale\u017c\u0105 od karnacji sk\u00f3ry indywidualnie dla ka\u017cdego z nas. Typ sk\u00f3ry w odniesieniu do oblicze\u0144 jest definiowany dawka maksymaln\u0105. Przyjmuje si\u0119 \u015brednio 300 im. [ indeksy x minuty ] czyli 30 minut przy pe\u0142nym lipcowym s\u0142o\u0144cu kiedy indeks UVi=10. Nie musi to by\u0107 zawsze 300 im. Bazuj\u0105c na francuskiej aplikacji <a href=\"https:\/\/uv-index.web.ipapps.vaybay.fr\/\">UV index<\/a> opracowa\u0142em ( in\u017cyneria wsteczna ) poni\u017csze zestawienie dawki maksymalnej dopuszczalnej dla danego typu sk\u00f3ry osobnika. <\/h2>\n\n\n\n<h2 class=\"wp-block-heading has-accent-3-color has-text-color has-link-color wp-elements-f2fc1a4e2feba13d574dc001d7b70b66\"><a href=\"#TabelaUVmax\">Graniczne dawki maksymalne<\/a><\/h2>\n\n\n\n<figure id=\"TabelaUVmax\" class=\"wp-block-table\"><table><thead><tr><th class=\"has-text-align-center\" data-align=\"center\">Dmax<\/th><th class=\"has-text-align-center\" data-align=\"center\">karnacja<\/th><th>komentarz<\/th><\/tr><\/thead><tbody><tr><td class=\"has-text-align-center\" data-align=\"center\">170<\/td><td class=\"has-text-align-center\" data-align=\"center\">I<\/td><td>Bardzo jasna karnacja, bia\u0142a; rude lub blond w\u0142osy; jasne oczy; mo\u017cliwe piegi.<br>Zawsze zaczerwienia, nie opala si\u0119<\/td><\/tr><tr><td class=\"has-text-align-center\" data-align=\"center\">200<\/td><td class=\"has-text-align-center\" data-align=\"center\">II<\/td><td>Jasna karnacja, bia\u0142a; jasne oczy; jasne w\u0142osy.<br>\u0141atwo si\u0119 zaczerwienia, s\u0142abo si\u0119 opala<\/td><\/tr><tr><td class=\"has-text-align-center\" data-align=\"center\">270<\/td><td class=\"has-text-align-center\" data-align=\"center\">III<\/td><td>Jasna karnacja, kremowo-bia\u0142y; (bardzo powszechny rodzaj sk\u00f3ry)<br>Opalanie nast\u0119puje po pierwszym oparzeniu<\/td><\/tr><tr><td class=\"has-text-align-center\" data-align=\"center\">330<\/td><td class=\"has-text-align-center\" data-align=\"center\">IV<\/td><td>Oliwkowa sk\u00f3ra, typowa \u015br\u00f3dziemnomorska sk\u00f3ra kaukaska; Ciemno br\u0105zowe w\u0142osy; pigmentacja \u015brednia do ci\u0119\u017ckiej.<\/td><\/tr><\/tbody><\/table><\/figure>\n\n\n\n<p>Dmax to dopuszczalna dawka maksymalna = moc \u00d7 czas = UVi\u00d7czas [im]<\/p>\n\n\n\n<div class=\"wp-block-group alignwide is-layout-flow wp-block-group-is-layout-flow\">\n<hr class=\"wp-block-separator has-text-color has-base-color has-alpha-channel-opacity has-base-background-color has-background is-style-wide\" style=\"margin-top:var(--wp--preset--spacing--30);margin-bottom:var(--wp--preset--spacing--30)\"\/>\n\n\n\n<h3 class=\"wp-block-heading alignwide has-base-2-color has-text-color has-link-color has-x-large-font-size wp-elements-10b2b54318c058681fceb83459dc09d7\">FAQ<\/h3>\n\n\n\n<h2 class=\"wp-block-heading has-base-color has-text-color has-link-color has-large-font-size wp-elements-7749064fc57485e1c8c792e4c8894a36\">w jakim celu wyznaczamy czas maksymalny przebywania na s\u0142o\u0144cu ?<\/h2>\n\n\n\n<p>aby dawka ultrafioletu nie spowodowa\u0142a oparze\u0144 i szkodliwych uszkodze\u0144 sk\u00f3ry<\/p>\n\n\n\n<h2 class=\"wp-block-heading has-base-color has-text-color has-link-color has-large-font-size wp-elements-ce378400e911f4b3328b592e0ce852fe\">Jaka jest zale\u017cno\u015b\u0107 mi\u0119dzy maksymalnym czasem a indeksem UV ?<\/h2>\n\n\n\n<p>maksymalny czas &#8222;opalania&#8221; jest odwrotno\u015bci\u0105 warto\u015bci indeksu UV<\/p>\n\n\n\n<h2 class=\"wp-block-heading has-base-color has-text-color has-link-color has-large-font-size wp-elements-21ffde85c4d52b2d8980ce8b3c1ac850\">Czy Rys.B zawiera dane z wielu stacji ?<\/h2>\n\n\n\n<p class=\"has-contrast-1-color has-text-color has-link-color wp-elements-5969b79df02c83e38b3a1b9e6437ad1a\">Nie &#8211; to dane z jednej stacji, kt\u00f3ra uruchomiona w maju 2024 mierzy niezawodnie zasilana ze s\u0142o\u0144ca. U\u015brednianie pomiar\u00f3w z wielu stacji pozwoli uzyska\u0107 dok\u0142adniejsze wyniki dla jednego miesi\u0105ca a mo\u017ce nawet tygodnia<\/p>\n\n\n\n<h3 class=\"wp-block-heading alignwide has-base-2-color has-text-color has-link-color wp-elements-7b064704d00f9ca11a426c8f4b6f4a29\">Czy stosowa\u0107 avg czy sum ?<\/h3>\n\n\n\n<p class=\"has-contrast-1-color has-text-color has-link-color wp-elements-4ef88f453775bd800e8e87d1d7e098c1\">liczymy \u015bredni\u0105 i mno\u017cymy przez ile minut trwa okres<\/p>\n\n\n\n<h3 class=\"wp-block-heading alignwide has-base-2-color has-text-color has-link-color wp-elements-7fac685234014d4a993f83b48574793a\">Dlaczego przy sumowaniu dawki jest avg(UVI)*5 ?<\/h3>\n\n\n\n<p class=\"has-contrast-1-color has-text-color has-link-color wp-elements-4d16808c5b05eeaa6c8dc9dafd8dde27\">Przyj\u0119\u0142o si\u0119 gromadzi\u0107 w bazie pomiary UVI w rekordach co 5 minut. Przyjmujemy, \u017ce \u015brednia moc UVI obowi\u0105zuje przez 5 minut. Dla innej ilo\u015bci minut zastosuj inny mno\u017cnik np.: dla 10 minut x10<\/p>\n\n\n\n<div style=\"margin-top:var(--wp--preset--spacing--10);margin-bottom:0;height:var(--wp--preset--spacing--10)\" aria-hidden=\"true\" class=\"wp-block-spacer\"><\/div>\n<\/div>\n<\/div>\n","protected":false},"excerpt":{"rendered":"<p>Warto\u015bci mocy promieniowania UV mierzymy w jednostkach zdefiniowanych jako index UV [UVi]. Pomiarowe warto\u015bci mocy UV zosta\u0142y znormalizowane do indeksu UVI jaki podaj\u0105 r\u00f3\u017cne stacje pomiarowe: Stacje i wykresy W celu okre\u015blenia maksymalnego bezpiecznego czasu przebywania na s\u0142o\u0144cu musimy zna\u0107 graniczn\u0105 bezpieczn\u0105 dawk\u0119 maksymaln\u0105, kt\u00f3r\u0105 zestawiono w tabeli. Otrzyman\u0105 dawk\u0119, kt\u00f3ra jest zale\u017cna od mocy [&hellip;]<\/p>\n","protected":false},"author":1,"featured_media":0,"parent":0,"menu_order":0,"comment_status":"closed","ping_status":"closed","template":"","meta":{"footnotes":""},"class_list":["post-890","page","type-page","status-publish","hentry"],"_links":{"self":[{"href":"https:\/\/alfard.ovh\/index.php\/wp-json\/wp\/v2\/pages\/890","targetHints":{"allow":["GET"]}}],"collection":[{"href":"https:\/\/alfard.ovh\/index.php\/wp-json\/wp\/v2\/pages"}],"about":[{"href":"https:\/\/alfard.ovh\/index.php\/wp-json\/wp\/v2\/types\/page"}],"author":[{"embeddable":true,"href":"https:\/\/alfard.ovh\/index.php\/wp-json\/wp\/v2\/users\/1"}],"replies":[{"embeddable":true,"href":"https:\/\/alfard.ovh\/index.php\/wp-json\/wp\/v2\/comments?post=890"}],"version-history":[{"count":64,"href":"https:\/\/alfard.ovh\/index.php\/wp-json\/wp\/v2\/pages\/890\/revisions"}],"predecessor-version":[{"id":1287,"href":"https:\/\/alfard.ovh\/index.php\/wp-json\/wp\/v2\/pages\/890\/revisions\/1287"}],"wp:attachment":[{"href":"https:\/\/alfard.ovh\/index.php\/wp-json\/wp\/v2\/media?parent=890"}],"curies":[{"name":"wp","href":"https:\/\/api.w.org\/{rel}","templated":true}]}}