{"id":1045,"date":"2025-03-27T23:06:39","date_gmt":"2025-03-27T22:06:39","guid":{"rendered":"https:\/\/alfard.ovh\/?page_id=1045"},"modified":"2026-04-01T10:11:23","modified_gmt":"2026-04-01T08:11:23","slug":"pomiary-ultrafioletu","status":"publish","type":"page","link":"https:\/\/alfard.ovh\/index.php\/pomiary-ultrafioletu\/","title":{"rendered":"Pomiary ultrafioletu i \u015bwiat\u0142a widzialnego"},"content":{"rendered":"\n<div class=\"wp-block-group alignfull has-accent-background-color has-background has-global-padding is-layout-constrained wp-container-core-group-is-layout-669513ed wp-block-group-is-layout-constrained\" style=\"margin-top:0;margin-bottom:0;padding-top:var(--wp--preset--spacing--50);padding-right:var(--wp--preset--spacing--50);padding-bottom:var(--wp--preset--spacing--50);padding-left:var(--wp--preset--spacing--50)\">\n<div class=\"wp-block-columns alignwide is-layout-flex wp-container-core-columns-is-layout-1da03c2a wp-block-columns-is-layout-flex\">\n<div class=\"wp-block-column is-vertically-aligned-stretch is-layout-flow wp-block-column-is-layout-flow\" style=\"flex-basis:50%\">\n<div class=\"wp-block-group is-vertical is-content-justification-stretch is-layout-flex wp-container-core-group-is-layout-444d5ee8 wp-block-group-is-layout-flex\" style=\"min-height:100%\">\n<p class=\"has-heading-font-family has-x-large-font-size\" id=\"sondyUV\" style=\"line-height:1.2\">S\u0142o\u0144ce nas ogrzewa, o\u015bwietla, opala i dostarcza witamin np.: D3 co nast\u0119puje w wyniku dzia\u0142ania niewidzialnego promieniowania ultrafioletowego ( UV ). Pomiar UV jest mo\u017cliwy dzi\u0119ki odpowiednim czujnikom. Prezentacj\u0119 zaczynam od najta\u0144szego:<\/p>\n\n\n\n<div class=\"wp-block-media-text is-stacked-on-mobile\" id=\"detektor1\"><figure class=\"wp-block-media-text__media\"><img loading=\"lazy\" decoding=\"async\" width=\"527\" height=\"223\" src=\"http:\/\/alfard.ovh\/wp-content\/uploads\/2025\/03\/modul-uv.jpg\" alt=\"\" class=\"wp-image-1047 size-full\" srcset=\"https:\/\/alfard.ovh\/wp-content\/uploads\/2025\/03\/modul-uv.jpg 527w, https:\/\/alfard.ovh\/wp-content\/uploads\/2025\/03\/modul-uv-300x127.jpg 300w\" sizes=\"auto, (max-width: 527px) 100vw, 527px\" \/><\/figure><div class=\"wp-block-media-text__content\">\n<p>modu\u0142, kt\u00f3ry bazuje na diodzie czu\u0142ej na UV GUVA-S12SD<\/p>\n<\/div><\/div>\n\n\n\n<div class=\"wp-block-media-text is-stacked-on-mobile\"><figure class=\"wp-block-media-text__media\"><a href=\"https:\/\/alfard.ovh\/wp-content\/uploads\/2025\/03\/UV-GUVAschemat.jpg\"><img loading=\"lazy\" decoding=\"async\" width=\"668\" height=\"489\" src=\"https:\/\/alfard.ovh\/wp-content\/uploads\/2025\/03\/UV-GUVAschemat.jpg\" alt=\"\" class=\"wp-image-1072 size-full\" srcset=\"https:\/\/alfard.ovh\/wp-content\/uploads\/2025\/03\/UV-GUVAschemat.jpg 668w, https:\/\/alfard.ovh\/wp-content\/uploads\/2025\/03\/UV-GUVAschemat-300x220.jpg 300w\" sizes=\"auto, (max-width: 668px) 100vw, 668px\" \/><\/a><\/figure><div class=\"wp-block-media-text__content\">\n<p>Schemat czu\u0142ego modu\u0142u pomiarowego HW-837<\/p>\n<\/div><\/div>\n\n\n\n<div class=\"wp-block-media-text is-stacked-on-mobile\"><figure class=\"wp-block-media-text__media\"><img loading=\"lazy\" decoding=\"async\" width=\"578\" height=\"497\" src=\"https:\/\/alfard.ovh\/wp-content\/uploads\/2025\/03\/modul-uv0-2.jpg\" alt=\"\" class=\"wp-image-1070 size-full\" srcset=\"https:\/\/alfard.ovh\/wp-content\/uploads\/2025\/03\/modul-uv0-2.jpg 578w, https:\/\/alfard.ovh\/wp-content\/uploads\/2025\/03\/modul-uv0-2-300x258.jpg 300w\" sizes=\"auto, (max-width: 578px) 100vw, 578px\" \/><\/figure><div class=\"wp-block-media-text__content\">\n<p>inna mniejsza wersja modu\u0142u z identycznym czujnikiem GUVA<\/p>\n<\/div><\/div>\n\n\n\n<div class=\"wp-block-media-text is-stacked-on-mobile\"><figure class=\"wp-block-media-text__media\"><a href=\"https:\/\/alfard.ovh\/wp-content\/uploads\/2025\/03\/schemat-modul-uv.jpg\"><img loading=\"lazy\" decoding=\"async\" width=\"722\" height=\"339\" src=\"https:\/\/alfard.ovh\/wp-content\/uploads\/2025\/03\/schemat-modul-uv.jpg\" alt=\"\" class=\"wp-image-1073 size-full\" srcset=\"https:\/\/alfard.ovh\/wp-content\/uploads\/2025\/03\/schemat-modul-uv.jpg 722w, https:\/\/alfard.ovh\/wp-content\/uploads\/2025\/03\/schemat-modul-uv-300x141.jpg 300w\" sizes=\"auto, (max-width: 722px) 100vw, 722px\" \/><\/a><\/figure><div class=\"wp-block-media-text__content\">\n<p>Schemat uk\u0142adu pomiarowego o ma\u0142ej czu\u0142o\u015bci z pojedynczym wzmacniaczem<\/p>\n<\/div><\/div>\n\n\n\n<div class=\"wp-block-group has-global-padding is-content-justification-left is-layout-constrained wp-container-core-group-is-layout-9fe8ed88 wp-block-group-is-layout-constrained\">\n<p class=\"wp-container-content-0733e5d0\">opis techniczny <a href=\"http:\/\/alfard.ovh\/wp-content\/uploads\/2025\/03\/1918guva.pdf\">GUVA-S12SD<\/a><\/p>\n\n\n\n<div class=\"wp-block-buttons is-layout-flex wp-block-buttons-is-layout-flex\">\n<div class=\"wp-block-button\"><a class=\"wp-block-button__link wp-element-button\" href=\"https:\/\/alfard.ovh\/index.php\/dawki-uv\/\">Dawki UV Home<\/a><\/div>\n<\/div>\n<\/div>\n<\/div>\n<\/div>\n\n\n\n<div class=\"wp-block-column is-vertically-aligned-center is-layout-flow wp-block-column-is-layout-flow\" style=\"flex-basis:50%\">\n<figure class=\"wp-block-image size-large is-style-rounded is-style-rounded--1\"><img loading=\"lazy\" decoding=\"async\" width=\"768\" height=\"1024\" src=\"https:\/\/alfard.ovh\/wp-content\/uploads\/2025\/03\/pomiarUV1-1-768x1024.jpg\" alt=\"\" class=\"wp-image-1060\" style=\"aspect-ratio:3\/4;object-fit:cover\" srcset=\"https:\/\/alfard.ovh\/wp-content\/uploads\/2025\/03\/pomiarUV1-1-768x1024.jpg 768w, https:\/\/alfard.ovh\/wp-content\/uploads\/2025\/03\/pomiarUV1-1-225x300.jpg 225w, https:\/\/alfard.ovh\/wp-content\/uploads\/2025\/03\/pomiarUV1-1-1152x1536.jpg 1152w, https:\/\/alfard.ovh\/wp-content\/uploads\/2025\/03\/pomiarUV1-1.jpg 1300w\" sizes=\"auto, (max-width: 768px) 100vw, 768px\" \/><\/figure>\n<\/div>\n<\/div>\n<\/div>\n\n\n\n<div class=\"wp-block-group alignfull has-global-padding is-layout-constrained wp-container-core-group-is-layout-d89aad35 wp-block-group-is-layout-constrained\" style=\"margin-top:0;margin-bottom:0;padding-top:var(--wp--preset--spacing--50);padding-right:var(--wp--preset--spacing--50);padding-bottom:var(--wp--preset--spacing--50);padding-left:var(--wp--preset--spacing--50)\">\n<div class=\"wp-block-columns alignwide are-vertically-aligned-center is-layout-flex wp-container-core-columns-is-layout-47c06fe3 wp-block-columns-is-layout-flex\">\n<div class=\"wp-block-column is-vertically-aligned-center is-layout-flow wp-block-column-is-layout-flow\" style=\"flex-basis:50%\">\n<h2 class=\"wp-block-heading\">Zaawansowany cyfrowy czujnik UV i \u015bwiat\u0142a widzialnego LTR-390<\/h2>\n\n\n\n<ul style=\"line-height:1.75\" class=\"wp-block-list is-style-checkmark-list\">\n<li>mierzy UV i \u015bwiat\u0142o widzialne<\/li>\n\n\n\n<li>wysoka czu\u0142o\u015b\u0107 i szeroki zakres pomiarowy<\/li>\n\n\n\n<li>regulowane wzmocnienie od 1 do 18<\/li>\n\n\n\n<li>ustawiana rozdzielczo\u015b\u0107 od 13 do 20 bit\u00f3w<\/li>\n\n\n\n<li>komunikacja i sterowanie przez I2C<\/li>\n<\/ul>\n\n\n\n<p><a href=\"https:\/\/optoelectronics.liteon.com\/upload\/download\/DS86-2015-0004\/LTR-390UV_Final_%20DS_V1%201.pdf\">Opis katalogowy uk\u0142adu LTR 390<\/a><\/p>\n\n\n\n<div class=\"wp-block-buttons is-layout-flex wp-block-buttons-is-layout-flex\">\n<div class=\"wp-block-button is-style-outline is-style-outline--2\"><a class=\"wp-block-button__link wp-element-button\" href=\"https:\/\/github.com\/t1ak\/UV-LTR-390\">program (driver in LUA)<\/a><\/div>\n<\/div>\n<\/div>\n\n\n\n<div class=\"wp-block-column is-vertically-aligned-center is-layout-flow wp-block-column-is-layout-flow\" style=\"flex-basis:50%\">\n<figure class=\"wp-block-image size-full is-style-rounded is-style-rounded--3\"><img loading=\"lazy\" decoding=\"async\" width=\"422\" height=\"489\" src=\"http:\/\/alfard.ovh\/wp-content\/uploads\/2025\/05\/obraz.png\" alt=\"\" class=\"wp-image-1289\" style=\"aspect-ratio:4\/3;object-fit:cover\" srcset=\"https:\/\/alfard.ovh\/wp-content\/uploads\/2025\/05\/obraz.png 422w, https:\/\/alfard.ovh\/wp-content\/uploads\/2025\/05\/obraz-259x300.png 259w\" sizes=\"auto, (max-width: 422px) 100vw, 422px\" \/><\/figure>\n<\/div>\n<\/div>\n<\/div>\n\n\n\n<hr class=\"wp-block-separator has-alpha-channel-opacity\"\/>\n\n\n\n<div class=\"wp-block-group alignfull has-global-padding is-layout-constrained wp-container-core-group-is-layout-d89aad35 wp-block-group-is-layout-constrained\" style=\"margin-top:0;margin-bottom:0;padding-top:var(--wp--preset--spacing--50);padding-right:var(--wp--preset--spacing--50);padding-bottom:var(--wp--preset--spacing--50);padding-left:var(--wp--preset--spacing--50)\">\n<div class=\"wp-block-columns alignwide are-vertically-aligned-center is-layout-flex wp-container-core-columns-is-layout-47c06fe3 wp-block-columns-is-layout-flex\">\n<div class=\"wp-block-column is-vertically-aligned-center is-layout-flow wp-block-column-is-layout-flow\" style=\"flex-basis:50%\">\n<h2 class=\"wp-block-heading\">240370 Ultraviolet Index Sensor Gravity <\/h2>\n\n\n\n<ul style=\"line-height:1.75\" class=\"wp-block-list is-style-checkmark-list\">\n<li>mierzy UV i UVindex<\/li>\n\n\n\n<li>wysoka czu\u0142o\u015b\u0107 i szeroki zakres pomiarowy<\/li>\n\n\n\n<li>komunikacja i sterowanie przez I2C oraz UART<\/li>\n<\/ul>\n\n\n\n<p><a href=\"https:\/\/wiki.dfrobot.com\/sen0636\/\">informacje od producenta uk\u0142adu<\/a><\/p>\n\n\n\n<div class=\"wp-block-buttons is-layout-flex wp-block-buttons-is-layout-flex\">\n<div class=\"wp-block-button is-style-outline is-style-outline--4\"><a class=\"wp-block-button__link wp-element-button\" href=\"https:\/\/github.com\/t1ak\/UVIndex240370Sensor\">program (driver in LUA)<\/a><\/div>\n<\/div>\n<\/div>\n\n\n\n<div class=\"wp-block-column is-vertically-aligned-center is-layout-flow wp-block-column-is-layout-flow\" style=\"flex-basis:50%\">\n<figure class=\"wp-block-image size-full is-resized is-style-rounded is-style-rounded--5\"><img loading=\"lazy\" decoding=\"async\" width=\"436\" height=\"315\" src=\"https:\/\/alfard.ovh\/wp-content\/uploads\/2026\/03\/UVsensorA.png\" alt=\"\" class=\"wp-image-1421\" style=\"aspect-ratio:1.3333333333333333;object-fit:cover;width:447px;height:auto\" srcset=\"https:\/\/alfard.ovh\/wp-content\/uploads\/2026\/03\/UVsensorA.png 436w, https:\/\/alfard.ovh\/wp-content\/uploads\/2026\/03\/UVsensorA-300x217.png 300w\" sizes=\"auto, (max-width: 436px) 100vw, 436px\" \/><\/figure>\n<\/div>\n<\/div>\n\n\n\n<div class=\"wp-block-media-text has-media-on-the-right is-stacked-on-mobile\"><div class=\"wp-block-media-text__content\">\n<p>schemat cz\u0119\u015bci analogowej<\/p>\n<\/div><figure class=\"wp-block-media-text__media\"><img loading=\"lazy\" decoding=\"async\" width=\"342\" height=\"290\" src=\"https:\/\/alfard.ovh\/wp-content\/uploads\/2026\/03\/UVsensorSchemat.png\" alt=\"\" class=\"wp-image-1427 size-full\" srcset=\"https:\/\/alfard.ovh\/wp-content\/uploads\/2026\/03\/UVsensorSchemat.png 342w, https:\/\/alfard.ovh\/wp-content\/uploads\/2026\/03\/UVsensorSchemat-300x254.png 300w\" sizes=\"auto, (max-width: 342px) 100vw, 342px\" \/><\/figure><\/div>\n\n\n\n<h2 class=\"wp-block-heading\">Pomiar kontrolny<\/h2>\n\n\n\n<figure class=\"wp-block-image size-full\"><img loading=\"lazy\" decoding=\"async\" width=\"693\" height=\"314\" src=\"https:\/\/alfard.ovh\/wp-content\/uploads\/2026\/03\/wykresUVmV-UVi.png\" alt=\"\" class=\"wp-image-1431\" srcset=\"https:\/\/alfard.ovh\/wp-content\/uploads\/2026\/03\/wykresUVmV-UVi.png 693w, https:\/\/alfard.ovh\/wp-content\/uploads\/2026\/03\/wykresUVmV-UVi-300x136.png 300w\" sizes=\"auto, (max-width: 693px) 100vw, 693px\" \/><\/figure>\n\n\n\n<p>Pomiar sztucznego promieniowania generowanego przez diod\u0119 UV, kt\u00f3ra by\u0142a umieszczona 8 mm od czujnika. Schodkowy wykres zielony prezentuje odczyty indeksu UV natomiast liniowo narastaj\u0105cy wykres to odczyty UV w mV. Dioda UV by\u0142a zasilana stabilizowanym napi\u0119ciem regulowanym od 3 do 5 V. Pr\u0105d ogranicza\u0142 opornik 5 \u2126 szeregowo po\u0142\u0105czony z diod\u0105 UV.<\/p>\n<\/div>\n\n\n\n<hr class=\"wp-block-separator has-alpha-channel-opacity\"\/>\n\n\n\n<p><\/p>\n\n\n\n<p><\/p>\n\n\n\n<h2 class=\"wp-block-heading\" id=\"LTR390cal\">U\u015brednione pomiary z czujnika LTR390 o\u015bwietlonego sta\u0142ym \u015bwiat\u0142em z diody UV napi\u0119cie: 3.17 V i pr\u0105d 21mA<\/h2>\n\n\n\n<figure class=\"wp-block-image size-full\"><img loading=\"lazy\" decoding=\"async\" width=\"709\" height=\"617\" src=\"https:\/\/alfard.ovh\/wp-content\/uploads\/2025\/05\/obraz-2.png\" alt=\"\" class=\"wp-image-1299\" srcset=\"https:\/\/alfard.ovh\/wp-content\/uploads\/2025\/05\/obraz-2.png 709w, https:\/\/alfard.ovh\/wp-content\/uploads\/2025\/05\/obraz-2-300x261.png 300w\" sizes=\"auto, (max-width: 709px) 100vw, 709px\" \/><\/figure>\n\n\n\n<hr class=\"wp-block-separator has-alpha-channel-opacity\"\/>\n\n\n\n<hr class=\"wp-block-separator has-alpha-channel-opacity\"\/>\n\n\n\n<div class=\"wp-block-group alignfull has-accent-5-background-color has-background has-global-padding is-layout-constrained wp-container-core-group-is-layout-d89aad35 wp-block-group-is-layout-constrained\" style=\"margin-top:0;margin-bottom:0;padding-top:var(--wp--preset--spacing--50);padding-right:var(--wp--preset--spacing--50);padding-bottom:var(--wp--preset--spacing--50);padding-left:var(--wp--preset--spacing--50)\">\n<h2 class=\"wp-block-heading\" id=\"czujkilux\"> Czujniki \u015bwiat\u0142a<\/h2>\n\n\n\n<div class=\"wp-block-columns alignwide is-layout-flex wp-container-core-columns-is-layout-1da03c2a wp-block-columns-is-layout-flex\">\n<div class=\"wp-block-column is-vertically-aligned-center is-layout-flow wp-block-column-is-layout-flow\" style=\"flex-basis:60%\">\n<figure class=\"wp-block-image size-full\"><img loading=\"lazy\" decoding=\"async\" width=\"957\" height=\"913\" src=\"https:\/\/alfard.ovh\/wp-content\/uploads\/2025\/04\/obraz-8.png\" alt=\"\" class=\"wp-image-1233\" srcset=\"https:\/\/alfard.ovh\/wp-content\/uploads\/2025\/04\/obraz-8.png 957w, https:\/\/alfard.ovh\/wp-content\/uploads\/2025\/04\/obraz-8-300x286.png 300w, https:\/\/alfard.ovh\/wp-content\/uploads\/2025\/04\/obraz-8-768x733.png 768w\" sizes=\"auto, (max-width: 957px) 100vw, 957px\" \/><\/figure>\n<\/div>\n\n\n\n<div class=\"wp-block-column is-layout-flow wp-block-column-is-layout-flow\" style=\"flex-basis:40%\">\n<p><\/p>\n\n\n\n<h2 class=\"wp-block-heading\">Rodzaje czujnik\u00f3w \u015bwiat\u0142a<\/h2>\n\n\n\n<p>Takie tanie modu\u0142y doskonale sprawdzaj\u0105 si\u0119 jako czujniki \u015bwiat\u0142a widzialnego. Nale\u017cy zdawa\u0107 sobie spraw\u0119, \u017ce w jakim\u015b ma\u0142ym lub wi\u0119kszym stopniu mierz\u0105 te\u017c podczerwie\u0144 i ultrafiolet. <\/p>\n\n\n\n<div class=\"wp-block-buttons is-layout-flex wp-block-buttons-is-layout-flex\">\n<div class=\"wp-block-button\"><a class=\"wp-block-button__link wp-element-button\" href=\"https:\/\/alfard.ovh\/index.php\/pomiar-to-nie-wszystko\/\">o pomiarach UV<\/a><\/div>\n<\/div>\n<\/div>\n<\/div>\n<\/div>\n","protected":false},"excerpt":{"rendered":"<p>S\u0142o\u0144ce nas ogrzewa, o\u015bwietla, opala i dostarcza witamin np.: D3 co nast\u0119puje w wyniku dzia\u0142ania niewidzialnego promieniowania ultrafioletowego ( UV ). Pomiar UV jest mo\u017cliwy dzi\u0119ki odpowiednim czujnikom. Prezentacj\u0119 zaczynam od najta\u0144szego: modu\u0142, kt\u00f3ry bazuje na diodzie czu\u0142ej na UV GUVA-S12SD Schemat czu\u0142ego modu\u0142u pomiarowego HW-837 inna mniejsza wersja modu\u0142u z identycznym czujnikiem GUVA Schemat [&hellip;]<\/p>\n","protected":false},"author":1,"featured_media":0,"parent":0,"menu_order":0,"comment_status":"closed","ping_status":"closed","template":"","meta":{"footnotes":""},"class_list":["post-1045","page","type-page","status-publish","hentry"],"_links":{"self":[{"href":"https:\/\/alfard.ovh\/index.php\/wp-json\/wp\/v2\/pages\/1045","targetHints":{"allow":["GET"]}}],"collection":[{"href":"https:\/\/alfard.ovh\/index.php\/wp-json\/wp\/v2\/pages"}],"about":[{"href":"https:\/\/alfard.ovh\/index.php\/wp-json\/wp\/v2\/types\/page"}],"author":[{"embeddable":true,"href":"https:\/\/alfard.ovh\/index.php\/wp-json\/wp\/v2\/users\/1"}],"replies":[{"embeddable":true,"href":"https:\/\/alfard.ovh\/index.php\/wp-json\/wp\/v2\/comments?post=1045"}],"version-history":[{"count":32,"href":"https:\/\/alfard.ovh\/index.php\/wp-json\/wp\/v2\/pages\/1045\/revisions"}],"predecessor-version":[{"id":1445,"href":"https:\/\/alfard.ovh\/index.php\/wp-json\/wp\/v2\/pages\/1045\/revisions\/1445"}],"wp:attachment":[{"href":"https:\/\/alfard.ovh\/index.php\/wp-json\/wp\/v2\/media?parent=1045"}],"curies":[{"name":"wp","href":"https:\/\/api.w.org\/{rel}","templated":true}]}}